{"id":954,"date":"2018-04-10T17:08:27","date_gmt":"2018-04-10T17:08:27","guid":{"rendered":"http:\/\/pietrodente.it\/?page_id=954"},"modified":"2018-04-16T21:45:22","modified_gmt":"2018-04-16T21:45:22","slug":"estintori","status":"publish","type":"page","link":"https:\/\/pietrodente.it\/?page_id=954","title":{"rendered":"ESTINTORI"},"content":{"rendered":"<div class=\"wpb-content-wrapper\">[vc_row separator_bottom_size=&#8221;120px&#8221; separator_bottom_color=&#8221;#dd3333&#8243;][vc_column][\/vc_column][\/vc_row][vc_row][vc_column width=&#8221;1\/4&#8243;][vc_column_text]\n<p style=\"text-align: justify;\"><span style=\"color: #e3322c;\"><strong>Dell&#8217;origine del primo estintore si sono perse le tracce\u2026<\/strong><\/span><br \/>\n<span style=\"color: #e3322c;\"><strong>Si pensa che gi\u00e0 nel Mesozoico esistesse una sorta di utensile denominato Eistoru, usato dai primitivi per spegnere il fuoco dopo aver cucinato.<\/strong><\/span><br \/>\n<span style=\"color: #e3322c;\"><strong>Gli antichi Egizi inizialmente si dedicavano al culto del divino Remstinturuii, prima di adorare i loro dei animali; probabilmente attorno al 2700 a. c., per qualche oscura ragione, i culti estintorici cessarono e quasi tutte le raffigurazioni e le statue di culto vennero distrutte o nascoste. Purtroppo ora non rimangono che rari frammenti di statuette, di cui non si comprende tuttora con quale materiale siano state create, e qualche leggenda, tramandata da Empedocle e da altri greci illustri, in cui sono descritti alcuni riti arcaici provenienti dall\u2019antico Egitto; c\u2019\u00e8 per\u00f2 troppa confusione ed incertezza in questi scritti per dare loro validit\u00e0 assoluta. I greci, nonostante tutto, riuscirono a ricomporre gli svariati tasselli dei vari riti delle tante culture con cui vennero a contatto e ritrovarono l\u2019integrit\u00e0 del culto Eseistintorickos, soppiantando per un lungo periodo anche l\u2019adorazione dello stesso Zeus.<\/strong><\/span><br \/>\n<span style=\"color: #e3322c;\"><strong>La descrizione dettagliata dei culti si pu\u00f2 trovare in Plutarco, l\u2019unico che tratta marginalmente gli dei tradizionali, dando ampio respiro ai culti del potente Eseistintorickos.<\/strong><\/span><br \/>\n<span style=\"color: #e3322c;\"><strong>Nelle Vite parallele descrive molte leggende tra cui quella dell\u2019Eseistintotauro, un essere met\u00e0 estintore e met\u00e0 toro rinchiuso nel labirinto dal re Minosse a Creta. Questo figlio del divino era cos\u00ec potente che in seguito provoc\u00f2 la caduta di Creta, e forse di tutta la Grecia.<\/strong><\/span><br \/>\n<span style=\"color: #e3322c;\"><strong>Un altro episodio di storia greca si pu\u00f2 trovare nel dipinto di Albrecht Altdorfer del 1529: la Battaglia di Isso. Nel dipinto \u00e8 rappresentato lo scontro tra l\u2019esercito greco macedone cappeggiato da Alessandro Magno e quello persiano di Dario III. Analizzando molto in dettaglio la tela si possono scorgere tra un soldato e l\u2019altro alcune tracce di estintori, il cui utilizzo nel campo di battaglia \u00e8 ancora discusso dagli storici di tutto il mondo; inoltre in un punto si nota pi\u00f9 nitidamente la presenza di due estintori (nella Figura 1 \u00e8 stato ingrandito questo particolare) collegati tra loro dal proprio tubo. Anche questa raffigurazione lascia molto perplessi: trattasi di una nuova e potente arma oppure di qualche strano rito propiziatorio, o cos\u2019altro? Anche qui regna il dubbio tra tutti gli storici che hanno cercato di spiegare questa particolare immagine.<\/strong><\/span><br \/>\n<span style=\"color: #e3322c;\"><strong>Plinio il Vecchio descrive l\u2019estintore nel Quarto libro come un oggetto di pregio importato dalla Persia, lo chiama il Deustintopre.<\/strong><\/span><br \/>\n<span style=\"color: #e3322c;\"><strong>Leggende orientali indicano l&#8217;estintore come figlio del dio del ghiaccio e di una esquimese. Da qui nascono i riti estintici e proliferano le sette estintricee.<\/strong><\/span><br \/>\n<span style=\"color: #e3322c;\"><strong>Durante l&#8217;Impero Romano l&#8217;estintore fa parte del corredo di ogni casa patrizia, ed \u00e8 sinonimo di prestigio (e probabilmente fonte di ricchezza e potere senza pari). Quest\u2019usanza viene descritta nella celebre commedia di Plauto Vita sine aestintorio est quasi mortis imago.<\/strong><\/span><br \/>\n<span style=\"color: #e3322c;\"><strong>Durante il Medio Evo l&#8217;uso dell&#8217;estintore cos\u00ec come la sua adorazione viene bandito: chi veniva trovato in possesso di estintori o di libri su un tale argomento veniva condannato al rogo!<\/strong><\/span><br \/>\n<span style=\"color: #e3322c;\"><strong>Anche se poco documentato, ci \u00e8 pervenuto il racconto di un episodio curioso riguardo ad uno &#8220;stregone&#8221; condannato al rogo per il possesso di 18 estintori, di cui 2 di cristallo decorato; appena appiccato il fuoco la terra si squarci\u00f2, e da essa fuoriuscirono i 18 estintori che estinsero le fiamme, salvando il condannato dalla triste sorte (anche se il giorno dopo venne decapitato).<\/strong><\/span><br \/>\n<span style=\"color: #e3322c;\"><strong>Alcune incisioni nordiche del Cinquecento (Figura 2 e 3) rappresentano estintori creatori del mondo, estintori alchemici e visioni mistiche di estintori cosmici; molte di queste opere vennero purtroppo usate in modo subdolo soprattutto dagli eretici, che tentavano in ogni maniera di screditare l\u2019estintore davanti al popolo. Nell\u2019Estantiromachia Pholiphili del 1493 vengono realizzate molte incisioni a stampa raffiguranti sia antichi estintori sia moderni; inoltre viene spiegato come diffidare da quegli esemplari fasulli, creati apposta dall\u2019uomo stolto per rendere l\u2019esistenza un inferno \u201cdove l\u2019Estintorae nun fusse pi\u00f9 altro che dannoso alle genti, che nun scoprissero la differenzia tra il vero et il falso e venendo sovraffatte dal maligno rischiano la mutazio corporis\u2026\u201d. <\/strong><\/span><em>[1]<\/em><br \/>\n<span style=\"color: #e3322c;\"><strong>Dall&#8217;epoca rinascimentale l&#8217;interesse per gli estintori cresce fino ad arrivare, ai nostri giorni, ad un prodotto di portata universale.<\/strong><\/span><br \/>\n<span style=\"color: #e3322c;\"><strong>Nelle Vite il Vasari attua una particolare lettura della Gioconda di Leonardo da Vinci in cui, dopo la descrizione tecnica particolareggiata dei colori e delle forme, svela la particolarit\u00e0 del sorriso enigmatico della donna raffigurata, sostenendo che il vero motivo di quello strano sorriso era dovuto al fatto che ella, mentre posava, contemplava incantata il suo nuovo modello di estintore, datole in dono dallo stesso artista in cambio della posa.<\/strong><\/span><br \/>\n<span style=\"color: #e3322c;\"><strong>Uno dei primi esempi della totale riabilitazione dell\u2019estintore ci viene dall\u2019affresco dell\u2019Incendio del Borgo di Raffaello Sanzio (1514, Roma, palazzo Vaticano, Figura 4). Nell\u2019affresco \u00e8 raffigurato lo stesso Papa (Leone IV) intento a spegnere il possente incendio, divampato nel quartiere romano del Borgo, grazie all\u2019aiuto benevolo di un estintore divino.<\/strong><\/span><br \/>\n<span style=\"color: #e3322c;\"><strong>Successivamente nell\u2019arte divenne frequente la rappresentazione estinorea, soprattutto nelle nature morte seicentesche: ad esempio la natura morta di Philippe De Champaigne (Figura 5). In quest\u2019opera troviamo al centro del quadro un teschio, simbolo della caducit\u00e0 dell\u2019uomo, con a fianco una clessidra, anch\u2019essa indicante il tempo che passa e che agisce sulla vita e sulla morte, e un estintore. Quest\u2019ultimo oggetto sembra inizialmente non essere al suo posto, in quanto i primi due oggetti hanno valenza \u201cnegativa\u201d; in realt\u00e0 probabilmente indica il passaggio dalla vita caduca ad una condizione ultraterrena di beatitudine estintorea. Vediamo poi la sua rappresentazione nelle opere caravaggesche (il fascio di luce manipolata in realt\u00e0 proviene da un estintore, l\u2019estintore ottico), nei quadri Neoclassici: ad esempio il giuramento all\u2019Aestintorio di Jacques-Louis David del 1784 (Figura 6). L\u2019opera raffigura tre fratelli dell\u2019antica Roma pronti a sacrificare la propria vita in favore di alti ideali, giurando di fronte al simbolo del potere imperiale romano: l\u2019Aestintorio. Da citare anche il famoso dipinto Napoleone al passo del gran San Bernardo del 1800 (Figura 7), dove \u00e8 rappresentato il condottiero impavido con in mano lo strumento della sua vittoriosa fortuna, l\u2019Estintore Imperiale.<\/strong><\/span><em>[2]<\/em><span style=\"color: #e3322c;\"><strong> Esso \u00e8 ancora presente in molti dipinti romantici: ad esempio I Pretendenti di Gustave Moreau del 1852 (Figura 8), dove la vendetta di Ulisse sui Proci, che insidiavano Penelope, \u00e8 appena stata compiuta e il potente dio Eseistintorickos appare, emanando una luce abbagliane nel bel mezzo della scena come un segno di approvazione (o di protezione) nei confronti del valoroso Ulisse.<\/strong><\/span><br \/>\n<span style=\"color: #e3322c;\"><strong>Potremmo proseguire citando altre opere artistiche del passato oppure descrivendo svariati episodi riguardanti questo antico culto universale. Mi limiter\u00f2 a descrivere un solo grandioso episodio che coinvolge direttamente la potenza degli estintori in questione.<\/strong><\/span><br \/>\n<span style=\"color: #e3322c;\"><strong>Nel 1730 il vulcano dell\u2019isola di Lanzarote (isole Canarie) inizi\u00f2 la sua inesorabile ed inarrestabile eruzione, soffocando i villaggi e il paesaggio circostante per molti e molti chilometri. L\u2019eruzione dur\u00f2 fino al 1736, ben sei anni di infuocati lapilli e calori insopportabili. La vicenda, spiegata spesso dai naturalisti come conseguenza di alcuni grandi cambiamenti climatici e geologici della zona, \u00e8 in realt\u00e0 spiegabile grazie al ritrovamento di un antico Eistoru, di recente riemerso in mezzo alla trecennale lava solidificata che ricopre gran parte del centro dell\u2019isola. Lo stato incredibilmente buono di conservazione del reperto, rispetto alla sua et\u00e0, lo rendono unico al mondo: nemmeno quello ritrovato durante gli scavi ad Ercolano e a Pompei era cos\u00ec bene conservato, anche se appartenente ad un et\u00e0 meno antica di quello di Lanzarote. Questo esemplare ci permette di rivalutare la leggenda, nata nei villaggi supestiti vicini al vulcano, narrante una maledizione di un potente stregone in possesso di malefici Aestintorii neri, che riusc\u00ec a liberarsi del favoloso e mitico Eistoru provocando la terribile eruzione. L\u2019Eistoru, dopo anni di lotta contro le fiamme infernali, riusc\u00ec a domare l\u2019eruzione, ma poi, privato delle forze e dei suoi poteri, si accasci\u00f2 al suolo stremato. Il vigliacco stregone riusc\u00ec ad imprigionarlo nella lava solidificata e ben presto tutti dimenticarono la vicenda. C\u2019\u00e8 chi dice che l\u2019Eistoru sia ancora vivo e che stia ancora attendendo la sua vendetta\u2026<\/strong><\/span><br \/>\n<span style=\"color: #e3322c;\"><strong>Ora il reperto \u00e8 conservato nel Museo Archeologico delle Grandi Civilt\u00e0<\/strong> <strong>Aestintoricke<\/strong><\/span><em>[3]<\/em><span style=\"color: #e3322c;\"><strong> vicino ad Atene: io assistetti al suo ritrovamento (dipinsi anche un omaggio a questo evento, Figura 9) e potrei giurare di averlo visto brillare per un istante, mentre lo separavano dalla lava solida. Dopo aver visto in breve il panorama storico, vediamo qual&#8217;\u00e8 la reale importanza dell&#8217;estintore.<\/strong><\/span><br \/>\n<span style=\"color: #e3322c;\"><strong>La funzione principale \u00e8 quella, nota ai pi\u00f9, di spegnere le fiamme.<\/strong><\/span><br \/>\n<span style=\"color: #e3322c;\"><strong>Sappiamo per\u00f2 che solamente il 18% degli estintori presenti nel mondo (e forse nell&#8217;universo) svolger\u00e0 questo sgradevole compito.<\/strong><\/span><br \/>\n<span style=\"color: #e3322c;\"><strong>In realt\u00e0 l&#8217;estintore \u00e8 dotato di ben altre capacit\u00e0. Gli estintori sono in ogni luogo (ora \u00e8 cos\u00ec per legge, ma lo \u00e8 sempre stato), dalla casa privata all&#8217;ambiente pubblico all&#8217;automobile.<\/strong><\/span><br \/>\n<span style=\"color: #e3322c;\"><strong>Dopo molti studi, si \u00e8 potuto verificare che in ogni estintore c&#8217;\u00e8 una forza, una forza che proviene dalle profondit\u00e0 della terra e dall&#8217;alto del cielo, una forza che \u00e8 immortale, che esiste dall&#8217;inizio del tempo. Questo potente contenitore di energia primordiale \u00e8 in grado di generare gli avvenimenti e di supportare l&#8217;immaginazione. Ed \u00e8 proprio per questo motivo che se ne trova uno in ogni luogo\u2026un luogo non pu\u00f2 esistere senza un estintore, \u00e8 proprio quest&#8217;ultimo che, con la sua potenza energetica, crea l&#8217;immagine di un posto, di una stanza, di una casa, di una citt\u00e0, di un continente\u2026<\/strong><\/span><\/p>\n[\/vc_column_text][\/vc_column][vc_column width=&#8221;3\/4&#8243;][vc_column_text]\n<h1 style=\"text-align: left;\"><span style=\"color: #e3322c;\">La vera storia dell\u2019estintore<\/span><\/h1>\n[\/vc_column_text]<div class=\"grve-empty-space grve-height-1x\" style=\"\"><\/div><div class=\"grve-element grve-divider grve-align-left\" style=\"\"><span class=\"grve-custom-divider grve-bg-primary-3\" style=\"width: 190px;height: 4px;\"><\/span><\/div><div class=\"grve-empty-space grve-height-1x\" style=\"\"><\/div>[vc_column_text]\n<p style=\"text-align: left;\"><em>\u201cLa storia \u00e8 quella<\/em><br \/>\n<em>scienza che descrive,<\/em><br \/>\n<em>in modo perfetto, ci\u00f2<\/em><br \/>\n<em>che non \u00e8 mai accaduto\u201d <\/em><\/p>\n<p style=\"text-align: left;\"><em>Oscar Wilde<\/em><\/p>\n[\/vc_column_text]<div class=\"grve-empty-space\" style=\"height: 16px;\"><\/div><div class=\"grve-element grve-divider grve-align-left\" style=\"\"><span class=\"grve-custom-divider grve-bg-primary-3\" style=\"width: 190px;height: 4px;\"><\/span><\/div><div class=\"grve-empty-space grve-height-1x\" style=\"\"><\/div><div class=\"grve-element grve-image grve-align-center\" style=\"\">  <div class=\"grve-image-wrapper\"><img loading=\"lazy\" decoding=\"async\" width=\"1276\" height=\"1724\" src=\"https:\/\/pietrodente.it\/wp-content\/uploads\/2018\/04\/senz-corn.jpg\" class=\"attachment-full size-full\" alt=\"\" srcset=\"https:\/\/pietrodente.it\/wp-content\/uploads\/2018\/04\/senz-corn.jpg 1276w, https:\/\/pietrodente.it\/wp-content\/uploads\/2018\/04\/senz-corn-222x300.jpg 222w, https:\/\/pietrodente.it\/wp-content\/uploads\/2018\/04\/senz-corn-768x1038.jpg 768w, https:\/\/pietrodente.it\/wp-content\/uploads\/2018\/04\/senz-corn-758x1024.jpg 758w\" sizes=\"auto, (max-width: 1276px) 100vw, 1276px\" \/>   <\/div><\/div><div class=\"grve-empty-space grve-height-1x\" style=\"\"><\/div>[vc_column_text]\n<h5 style=\"text-align: center;\"><span style=\"color: #e3322c;\">Pietro Dente, <em>Strage degli estinnocenti,<\/em> 2003.<\/span><\/h5>\n<p style=\"text-align: center;\"><span style=\"color: #e3322c;\"><strong>Opera tratta dall\u2019<em>Estingelo<\/em> apocrifo anonimo del II sec.D.C. narrante la venuta del \u201cestinmessia\u201d, <\/strong><\/span><\/p>\n<p style=\"text-align: center;\"><span style=\"color: #e3322c;\"><strong>grazie al quale le genti avrebbero potuto redimersi nella sua gloria e potenza divina.<\/strong><\/span><\/p>\n<h1 style=\"text-align: center;\"><span style=\"color: #993300;\">\u00a0<\/span><\/h1>\n[\/vc_column_text]<div class=\"grve-element grve-divider grve-align-center\" style=\"\"><span class=\"grve-custom-divider grve-bg-primary-3\" style=\"width: 190px;height: 4px;\"><\/span><\/div><div class=\"grve-empty-space grve-height-1x\" style=\"\"><\/div><div class=\"grve-element grve-gallery grve-isotope grve-gallery-popup grve-with-gap\" style=\"\" data-columns=\"2\" data-columns-large-screen=\"2\" data-columns-tablet-landscape=\"2\" data-columns-tablet-portrait=\"2\" data-columns-mobile=\"1\" data-layout=\"masonry\" data-gutter-size=\"40\">  <div class=\"grve-isotope-container\"><div class=\"grve-isotope-item grve-hover-item grve-hover-style-1\"><div class=\"grve-isotope-item-inner grve-zoom-in\">  <figure class=\"grve-image-hover grve-zoom-in\">    <a class=\"grve-item-url\" href=\"https:\/\/pietrodente.it\/wp-content\/uploads\/2018\/04\/issopartic.jpg\"  data-title=\"Fig. 1a - Albrecht Altdorfer, 1529, Battaglia di Isso, particolare.\" aria-label=\"Fig. 1a - Albrecht Altdorfer, 1529, Battaglia di Isso, particolare.\"><\/a>    <div class=\"grve-hover-overlay grve-bg-light grve-opacity-90\"><\/div><div class=\"grve-media\"><img loading=\"lazy\" decoding=\"async\" width=\"536\" height=\"508\" src=\"https:\/\/pietrodente.it\/wp-content\/uploads\/2018\/04\/issopartic.jpg\" class=\"attachment-large size-large\" alt=\"\" srcset=\"https:\/\/pietrodente.it\/wp-content\/uploads\/2018\/04\/issopartic.jpg 536w, https:\/\/pietrodente.it\/wp-content\/uploads\/2018\/04\/issopartic-300x284.jpg 300w\" sizes=\"auto, (max-width: 536px) 100vw, 536px\" \/><\/div>  <\/figure><div class=\"grve-content grve-align-center\"><h3 class=\"grve-title grve-h5 grve-text-inherit\">Fig. 1a &#8211; Albrecht Altdorfer, 1529, Battaglia di Isso, particolare.<\/h3><\/div><\/div><\/div><div class=\"grve-isotope-item grve-hover-item grve-hover-style-1\"><div class=\"grve-isotope-item-inner grve-zoom-in\">  <figure class=\"grve-image-hover grve-zoom-in\">    <a class=\"grve-item-url\" href=\"https:\/\/pietrodente.it\/wp-content\/uploads\/2018\/04\/battaglia-isso.jpg\"  data-title=\"Fig. 1b - Albrecht Altdorfer, 1529, Battaglia di Isso\" aria-label=\"Fig. 1b - Albrecht Altdorfer, 1529, Battaglia di Isso\"><\/a>    <div class=\"grve-hover-overlay grve-bg-light grve-opacity-90\"><\/div><div class=\"grve-media\"><img loading=\"lazy\" decoding=\"async\" width=\"765\" height=\"1024\" src=\"https:\/\/pietrodente.it\/wp-content\/uploads\/2018\/04\/battaglia-isso-765x1024.jpg\" class=\"attachment-large size-large\" alt=\"\" srcset=\"https:\/\/pietrodente.it\/wp-content\/uploads\/2018\/04\/battaglia-isso-765x1024.jpg 765w, https:\/\/pietrodente.it\/wp-content\/uploads\/2018\/04\/battaglia-isso-224x300.jpg 224w, https:\/\/pietrodente.it\/wp-content\/uploads\/2018\/04\/battaglia-isso-768x1028.jpg 768w, https:\/\/pietrodente.it\/wp-content\/uploads\/2018\/04\/battaglia-isso.jpg 1386w\" sizes=\"auto, (max-width: 765px) 100vw, 765px\" \/><\/div>  <\/figure><div class=\"grve-content grve-align-center\"><h3 class=\"grve-title grve-h5 grve-text-inherit\">Fig. 1b &#8211; Albrecht Altdorfer, 1529, Battaglia di Isso<\/h3><\/div><\/div><\/div><div class=\"grve-isotope-item grve-hover-item grve-hover-style-1\"><div class=\"grve-isotope-item-inner grve-zoom-in\">  <figure class=\"grve-image-hover grve-zoom-in\">    <a class=\"grve-item-url\" href=\"https:\/\/pietrodente.it\/wp-content\/uploads\/2018\/04\/durer-fort-est-1375x1920.jpg\"  data-title=\"Fig. 2 - Albrecht Durer, La grande fortuna, incisione.\" aria-label=\"Fig. 2 - Albrecht Durer, La grande fortuna, incisione.\"><\/a>    <div class=\"grve-hover-overlay grve-bg-light grve-opacity-90\"><\/div><div class=\"grve-media\"><img loading=\"lazy\" decoding=\"async\" width=\"733\" height=\"1024\" src=\"https:\/\/pietrodente.it\/wp-content\/uploads\/2018\/04\/durer-fort-est-733x1024.jpg\" class=\"attachment-large size-large\" alt=\"\" srcset=\"https:\/\/pietrodente.it\/wp-content\/uploads\/2018\/04\/durer-fort-est-733x1024.jpg 733w, https:\/\/pietrodente.it\/wp-content\/uploads\/2018\/04\/durer-fort-est-215x300.jpg 215w, https:\/\/pietrodente.it\/wp-content\/uploads\/2018\/04\/durer-fort-est-768x1072.jpg 768w, https:\/\/pietrodente.it\/wp-content\/uploads\/2018\/04\/durer-fort-est-1375x1920.jpg 1375w, https:\/\/pietrodente.it\/wp-content\/uploads\/2018\/04\/durer-fort-est.jpg 1428w\" sizes=\"auto, (max-width: 733px) 100vw, 733px\" \/><\/div>  <\/figure><div class=\"grve-content grve-align-center\"><h3 class=\"grve-title grve-h5 grve-text-inherit\">Fig. 2 &#8211; Albrecht Durer, La grande fortuna, incisione.<\/h3><\/div><\/div><\/div><div class=\"grve-isotope-item grve-hover-item grve-hover-style-1\"><div class=\"grve-isotope-item-inner grve-zoom-in\">  <figure class=\"grve-image-hover grve-zoom-in\">    <a class=\"grve-item-url\" href=\"https:\/\/pietrodente.it\/wp-content\/uploads\/2018\/04\/sette-est.jpg\"  data-title=\"Fig. 3 - Albrecht Durer, 1511, La visione dei sette estintori, xilografia dall&#039;Apocalisse.\" aria-label=\"Fig. 3 - Albrecht Durer, 1511, La visione dei sette estintori, xilografia dall&#039;Apocalisse.\"><\/a>    <div class=\"grve-hover-overlay grve-bg-light grve-opacity-90\"><\/div><div class=\"grve-media\"><img loading=\"lazy\" decoding=\"async\" width=\"721\" height=\"1024\" src=\"https:\/\/pietrodente.it\/wp-content\/uploads\/2018\/04\/sette-est-721x1024.jpg\" class=\"attachment-large size-large\" alt=\"\" srcset=\"https:\/\/pietrodente.it\/wp-content\/uploads\/2018\/04\/sette-est-721x1024.jpg 721w, https:\/\/pietrodente.it\/wp-content\/uploads\/2018\/04\/sette-est-211x300.jpg 211w, https:\/\/pietrodente.it\/wp-content\/uploads\/2018\/04\/sette-est-768x1090.jpg 768w, https:\/\/pietrodente.it\/wp-content\/uploads\/2018\/04\/sette-est.jpg 1320w\" sizes=\"auto, (max-width: 721px) 100vw, 721px\" \/><\/div>  <\/figure><div class=\"grve-content grve-align-center\"><h3 class=\"grve-title grve-h5 grve-text-inherit\">Fig. 3 &#8211; Albrecht Durer, 1511, La visione dei sette estintori, xilografia dall&#8217;Apocalisse.<\/h3><\/div><\/div><\/div><div class=\"grve-isotope-item grve-hover-item grve-hover-style-1\"><div class=\"grve-isotope-item-inner grve-zoom-in\">  <figure class=\"grve-image-hover grve-zoom-in\">    <a class=\"grve-item-url\" href=\"https:\/\/pietrodente.it\/wp-content\/uploads\/2018\/04\/raffaell-1920x1440.jpg\"  data-title=\"Fig. 4 - Raffaello Sanzio, Incendio del Borgo, 1514, affresco, Roma, palazzo Vaticano.\" aria-label=\"Fig. 4 - Raffaello Sanzio, Incendio del Borgo, 1514, affresco, Roma, palazzo Vaticano.\"><\/a>    <div class=\"grve-hover-overlay grve-bg-light grve-opacity-90\"><\/div><div class=\"grve-media\"><img loading=\"lazy\" decoding=\"async\" width=\"1024\" height=\"768\" src=\"https:\/\/pietrodente.it\/wp-content\/uploads\/2018\/04\/raffaell-1024x768.jpg\" class=\"attachment-large size-large\" alt=\"\" srcset=\"https:\/\/pietrodente.it\/wp-content\/uploads\/2018\/04\/raffaell-1024x768.jpg 1024w, https:\/\/pietrodente.it\/wp-content\/uploads\/2018\/04\/raffaell-300x225.jpg 300w, https:\/\/pietrodente.it\/wp-content\/uploads\/2018\/04\/raffaell-768x576.jpg 768w, https:\/\/pietrodente.it\/wp-content\/uploads\/2018\/04\/raffaell-560x420.jpg 560w, https:\/\/pietrodente.it\/wp-content\/uploads\/2018\/04\/raffaell-900x675.jpg 900w, https:\/\/pietrodente.it\/wp-content\/uploads\/2018\/04\/raffaell-1920x1440.jpg 1920w\" sizes=\"auto, (max-width: 1024px) 100vw, 1024px\" \/><\/div>  <\/figure><div class=\"grve-content grve-align-center\"><h3 class=\"grve-title grve-h5 grve-text-inherit\">Fig. 4 &#8211; Raffaello Sanzio, Incendio del Borgo, 1514, affresco, Roma, palazzo Vaticano.<\/h3><\/div><\/div><\/div><div class=\"grve-isotope-item grve-hover-item grve-hover-style-1\"><div class=\"grve-isotope-item-inner grve-zoom-in\">  <figure class=\"grve-image-hover grve-zoom-in\">    <a class=\"grve-item-url\" href=\"https:\/\/pietrodente.it\/wp-content\/uploads\/2018\/04\/natura-morta-1920x1483.jpg\"  data-title=\"Fig. 5 - Philippe De Champaigne, Natura morta.\" aria-label=\"Fig. 5 - Philippe De Champaigne, Natura morta.\"><\/a>    <div class=\"grve-hover-overlay grve-bg-light grve-opacity-90\"><\/div><div class=\"grve-media\"><img loading=\"lazy\" decoding=\"async\" width=\"1024\" height=\"791\" src=\"https:\/\/pietrodente.it\/wp-content\/uploads\/2018\/04\/natura-morta-1024x791.jpg\" class=\"attachment-large size-large\" alt=\"\" srcset=\"https:\/\/pietrodente.it\/wp-content\/uploads\/2018\/04\/natura-morta-1024x791.jpg 1024w, https:\/\/pietrodente.it\/wp-content\/uploads\/2018\/04\/natura-morta-300x232.jpg 300w, https:\/\/pietrodente.it\/wp-content\/uploads\/2018\/04\/natura-morta-768x593.jpg 768w, https:\/\/pietrodente.it\/wp-content\/uploads\/2018\/04\/natura-morta-1920x1483.jpg 1920w\" sizes=\"auto, (max-width: 1024px) 100vw, 1024px\" \/><\/div>  <\/figure><div class=\"grve-content grve-align-center\"><h3 class=\"grve-title grve-h5 grve-text-inherit\">Fig. 5 &#8211; Philippe De Champaigne, Natura morta.<\/h3><\/div><\/div><\/div><div class=\"grve-isotope-item grve-hover-item grve-hover-style-1\"><div class=\"grve-isotope-item-inner grve-zoom-in\">  <figure class=\"grve-image-hover grve-zoom-in\">    <a class=\"grve-item-url\" href=\"https:\/\/pietrodente.it\/wp-content\/uploads\/2018\/04\/giuramento-estint-1920x1440.jpg\"  data-title=\"Fig. 6 - Jacques-Louis David, giuramento all\u2019Aestintorio, 1784.\" aria-label=\"Fig. 6 - Jacques-Louis David, giuramento all\u2019Aestintorio, 1784.\"><\/a>    <div class=\"grve-hover-overlay grve-bg-light grve-opacity-90\"><\/div><div class=\"grve-media\"><img loading=\"lazy\" decoding=\"async\" width=\"1024\" height=\"768\" src=\"https:\/\/pietrodente.it\/wp-content\/uploads\/2018\/04\/giuramento-estint-1024x768.jpg\" class=\"attachment-large size-large\" alt=\"\" srcset=\"https:\/\/pietrodente.it\/wp-content\/uploads\/2018\/04\/giuramento-estint-1024x768.jpg 1024w, https:\/\/pietrodente.it\/wp-content\/uploads\/2018\/04\/giuramento-estint-300x225.jpg 300w, https:\/\/pietrodente.it\/wp-content\/uploads\/2018\/04\/giuramento-estint-768x576.jpg 768w, https:\/\/pietrodente.it\/wp-content\/uploads\/2018\/04\/giuramento-estint-560x420.jpg 560w, https:\/\/pietrodente.it\/wp-content\/uploads\/2018\/04\/giuramento-estint-900x675.jpg 900w, https:\/\/pietrodente.it\/wp-content\/uploads\/2018\/04\/giuramento-estint-1920x1440.jpg 1920w\" sizes=\"auto, (max-width: 1024px) 100vw, 1024px\" \/><\/div>  <\/figure><div class=\"grve-content grve-align-center\"><h3 class=\"grve-title grve-h5 grve-text-inherit\">Fig. 6 &#8211; Jacques-Louis David, giuramento all\u2019Aestintorio, 1784.<\/h3><\/div><\/div><\/div><div class=\"grve-isotope-item grve-hover-item grve-hover-style-1\"><div class=\"grve-isotope-item-inner grve-zoom-in\">  <figure class=\"grve-image-hover grve-zoom-in\">    <a class=\"grve-item-url\" href=\"https:\/\/pietrodente.it\/wp-content\/uploads\/2018\/04\/napoleostint.jpg\"  data-title=\"Fig. 7 - Jacques-Louis David, Napoleone al passo del gran San Bernardo, 1800.\" aria-label=\"Fig. 7 - Jacques-Louis David, Napoleone al passo del gran San Bernardo, 1800.\"><\/a>    <div class=\"grve-hover-overlay grve-bg-light grve-opacity-90\"><\/div><div class=\"grve-media\"><img loading=\"lazy\" decoding=\"async\" width=\"872\" height=\"1024\" src=\"https:\/\/pietrodente.it\/wp-content\/uploads\/2018\/04\/napoleostint-872x1024.jpg\" class=\"attachment-large size-large\" alt=\"\" srcset=\"https:\/\/pietrodente.it\/wp-content\/uploads\/2018\/04\/napoleostint-872x1024.jpg 872w, https:\/\/pietrodente.it\/wp-content\/uploads\/2018\/04\/napoleostint-255x300.jpg 255w, https:\/\/pietrodente.it\/wp-content\/uploads\/2018\/04\/napoleostint-768x902.jpg 768w, https:\/\/pietrodente.it\/wp-content\/uploads\/2018\/04\/napoleostint.jpg 1488w\" sizes=\"auto, (max-width: 872px) 100vw, 872px\" \/><\/div>  <\/figure><div class=\"grve-content grve-align-center\"><h3 class=\"grve-title grve-h5 grve-text-inherit\">Fig. 7 &#8211; Jacques-Louis David, Napoleone al passo del gran San Bernardo, 1800.<\/h3><\/div><\/div><\/div><div class=\"grve-isotope-item grve-hover-item grve-hover-style-1\"><div class=\"grve-isotope-item-inner grve-zoom-in\">  <figure class=\"grve-image-hover grve-zoom-in\">    <a class=\"grve-item-url\" href=\"https:\/\/pietrodente.it\/wp-content\/uploads\/2018\/04\/Moureau-ok.jpg\"  data-title=\"Fig. 8 - Gustave Moreau, I Pretendenti, 1852.\" aria-label=\"Fig. 8 - Gustave Moreau, I Pretendenti, 1852.\"><\/a>    <div class=\"grve-hover-overlay grve-bg-light grve-opacity-90\"><\/div><div class=\"grve-media\"><img loading=\"lazy\" decoding=\"async\" width=\"1000\" height=\"1024\" src=\"https:\/\/pietrodente.it\/wp-content\/uploads\/2018\/04\/Moureau-ok-1000x1024.jpg\" class=\"attachment-large size-large\" alt=\"\" srcset=\"https:\/\/pietrodente.it\/wp-content\/uploads\/2018\/04\/Moureau-ok-1000x1024.jpg 1000w, https:\/\/pietrodente.it\/wp-content\/uploads\/2018\/04\/Moureau-ok-293x300.jpg 293w, https:\/\/pietrodente.it\/wp-content\/uploads\/2018\/04\/Moureau-ok-768x786.jpg 768w, https:\/\/pietrodente.it\/wp-content\/uploads\/2018\/04\/Moureau-ok.jpg 1380w\" sizes=\"auto, (max-width: 1000px) 100vw, 1000px\" \/><\/div>  <\/figure><div class=\"grve-content grve-align-center\"><h3 class=\"grve-title grve-h5 grve-text-inherit\">Fig. 8 &#8211; Gustave Moreau, I Pretendenti, 1852.<\/h3><\/div><\/div><\/div><div class=\"grve-isotope-item grve-hover-item grve-hover-style-1\"><div class=\"grve-isotope-item-inner grve-zoom-in\">  <figure class=\"grve-image-hover grve-zoom-in\">    <a class=\"grve-item-url\" href=\"https:\/\/pietrodente.it\/wp-content\/uploads\/2018\/04\/Eist-Lanzar-1920x1440.jpg\"  data-title=\"Fig. 9 - Pietro Dente, Il ritrovamento dell\u2019Eistoru di Lanzarote, 2003.\" aria-label=\"Fig. 9 - Pietro Dente, Il ritrovamento dell\u2019Eistoru di Lanzarote, 2003.\"><\/a>    <div class=\"grve-hover-overlay grve-bg-light grve-opacity-90\"><\/div><div class=\"grve-media\"><img loading=\"lazy\" decoding=\"async\" width=\"1024\" height=\"768\" src=\"https:\/\/pietrodente.it\/wp-content\/uploads\/2018\/04\/Eist-Lanzar-1024x768.jpg\" class=\"attachment-large size-large\" alt=\"\" srcset=\"https:\/\/pietrodente.it\/wp-content\/uploads\/2018\/04\/Eist-Lanzar-1024x768.jpg 1024w, https:\/\/pietrodente.it\/wp-content\/uploads\/2018\/04\/Eist-Lanzar-300x225.jpg 300w, https:\/\/pietrodente.it\/wp-content\/uploads\/2018\/04\/Eist-Lanzar-768x576.jpg 768w, https:\/\/pietrodente.it\/wp-content\/uploads\/2018\/04\/Eist-Lanzar-560x420.jpg 560w, https:\/\/pietrodente.it\/wp-content\/uploads\/2018\/04\/Eist-Lanzar-900x675.jpg 900w, https:\/\/pietrodente.it\/wp-content\/uploads\/2018\/04\/Eist-Lanzar-1920x1440.jpg 1920w\" sizes=\"auto, (max-width: 1024px) 100vw, 1024px\" \/><\/div>  <\/figure><div class=\"grve-content grve-align-center\"><h3 class=\"grve-title grve-h5 grve-text-inherit\">Fig. 9 &#8211; Pietro Dente, Il ritrovamento dell\u2019Eistoru di Lanzarote, 2003.<\/h3><\/div><\/div><\/div><div class=\"grve-isotope-item grve-hover-item grve-hover-style-1\"><div class=\"grve-isotope-item-inner grve-zoom-in\">  <figure class=\"grve-image-hover grve-zoom-in\">    <a class=\"grve-item-url\" href=\"https:\/\/pietrodente.it\/wp-content\/uploads\/2018\/04\/Figura-10.-Pietro-Dente-Antico-Eistoru-2003.-1440x1920.jpg\"  data-title=\"Fig. 10 - Pietro Dente, Antico Eistoru, 2003.\" aria-label=\"Fig. 10 - Pietro Dente, Antico Eistoru, 2003.\"><\/a>    <div class=\"grve-hover-overlay grve-bg-light grve-opacity-90\"><\/div><div class=\"grve-media\"><img loading=\"lazy\" decoding=\"async\" width=\"768\" height=\"1024\" src=\"https:\/\/pietrodente.it\/wp-content\/uploads\/2018\/04\/Figura-10.-Pietro-Dente-Antico-Eistoru-2003.-768x1024.jpg\" class=\"attachment-large size-large\" alt=\"\" srcset=\"https:\/\/pietrodente.it\/wp-content\/uploads\/2018\/04\/Figura-10.-Pietro-Dente-Antico-Eistoru-2003.-768x1024.jpg 768w, https:\/\/pietrodente.it\/wp-content\/uploads\/2018\/04\/Figura-10.-Pietro-Dente-Antico-Eistoru-2003.-225x300.jpg 225w, https:\/\/pietrodente.it\/wp-content\/uploads\/2018\/04\/Figura-10.-Pietro-Dente-Antico-Eistoru-2003.-560x747.jpg 560w, https:\/\/pietrodente.it\/wp-content\/uploads\/2018\/04\/Figura-10.-Pietro-Dente-Antico-Eistoru-2003.-840x1120.jpg 840w, https:\/\/pietrodente.it\/wp-content\/uploads\/2018\/04\/Figura-10.-Pietro-Dente-Antico-Eistoru-2003.-1440x1920.jpg 1440w, https:\/\/pietrodente.it\/wp-content\/uploads\/2018\/04\/Figura-10.-Pietro-Dente-Antico-Eistoru-2003..jpg 1536w\" sizes=\"auto, (max-width: 768px) 100vw, 768px\" \/><\/div>  <\/figure><div class=\"grve-content grve-align-center\"><h3 class=\"grve-title grve-h5 grve-text-inherit\">Fig. 10 &#8211; Pietro Dente, Antico Eistoru, 2003.<\/h3><\/div><\/div><\/div><div class=\"grve-isotope-item grve-hover-item grve-hover-style-1\"><div class=\"grve-isotope-item-inner grve-zoom-in\">  <figure class=\"grve-image-hover grve-zoom-in\">    <a class=\"grve-item-url\" href=\"https:\/\/pietrodente.it\/wp-content\/uploads\/2018\/04\/Figura-11.-Pietro-Dente-Nelle-dune-unEstintscavo...-2003..jpg\"  data-title=\"Fig. 11 - Pietro Dente, Nelle dune un&#039;Estintscavo..., 2003.\" aria-label=\"Fig. 11 - Pietro Dente, Nelle dune un&#039;Estintscavo..., 2003.\"><\/a>    <div class=\"grve-hover-overlay grve-bg-light grve-opacity-90\"><\/div><div class=\"grve-media\"><img loading=\"lazy\" decoding=\"async\" width=\"756\" height=\"567\" src=\"https:\/\/pietrodente.it\/wp-content\/uploads\/2018\/04\/Figura-11.-Pietro-Dente-Nelle-dune-unEstintscavo...-2003..jpg\" class=\"attachment-large size-large\" alt=\"\" srcset=\"https:\/\/pietrodente.it\/wp-content\/uploads\/2018\/04\/Figura-11.-Pietro-Dente-Nelle-dune-unEstintscavo...-2003..jpg 756w, https:\/\/pietrodente.it\/wp-content\/uploads\/2018\/04\/Figura-11.-Pietro-Dente-Nelle-dune-unEstintscavo...-2003.-300x225.jpg 300w, https:\/\/pietrodente.it\/wp-content\/uploads\/2018\/04\/Figura-11.-Pietro-Dente-Nelle-dune-unEstintscavo...-2003.-560x420.jpg 560w\" sizes=\"auto, (max-width: 756px) 100vw, 756px\" \/><\/div>  <\/figure><div class=\"grve-content grve-align-center\"><h3 class=\"grve-title grve-h5 grve-text-inherit\">Fig. 11 &#8211; Pietro Dente, Nelle dune un&#8217;Estintscavo&#8230;, 2003.<\/h3><\/div><\/div><\/div><div class=\"grve-isotope-item grve-hover-item grve-hover-style-1\"><div class=\"grve-isotope-item-inner grve-zoom-in\">  <figure class=\"grve-image-hover grve-zoom-in\">    <a class=\"grve-item-url\" href=\"https:\/\/pietrodente.it\/wp-content\/uploads\/2018\/04\/pergamena-1920x1353.jpg\"  data-title=\"Fig. 12 - Pietro Dente, La sacra pergamena, 2003.\" aria-label=\"Fig. 12 - Pietro Dente, La sacra pergamena, 2003.\"><\/a>    <div class=\"grve-hover-overlay grve-bg-light grve-opacity-90\"><\/div><div class=\"grve-media\"><img loading=\"lazy\" decoding=\"async\" width=\"1024\" height=\"722\" src=\"https:\/\/pietrodente.it\/wp-content\/uploads\/2018\/04\/pergamena-1024x722.jpg\" class=\"attachment-large size-large\" alt=\"\" srcset=\"https:\/\/pietrodente.it\/wp-content\/uploads\/2018\/04\/pergamena-1024x722.jpg 1024w, https:\/\/pietrodente.it\/wp-content\/uploads\/2018\/04\/pergamena-300x211.jpg 300w, https:\/\/pietrodente.it\/wp-content\/uploads\/2018\/04\/pergamena-768x541.jpg 768w, https:\/\/pietrodente.it\/wp-content\/uploads\/2018\/04\/pergamena-1920x1353.jpg 1920w\" sizes=\"auto, (max-width: 1024px) 100vw, 1024px\" \/><\/div>  <\/figure><div class=\"grve-content grve-align-center\"><h3 class=\"grve-title grve-h5 grve-text-inherit\">Fig. 12 &#8211; Pietro Dente, La sacra pergamena, 2003.<\/h3><\/div><\/div><\/div><div class=\"grve-isotope-item grve-hover-item grve-hover-style-1\"><div class=\"grve-isotope-item-inner grve-zoom-in\">  <figure class=\"grve-image-hover grve-zoom-in\">    <a class=\"grve-item-url\" href=\"https:\/\/pietrodente.it\/wp-content\/uploads\/2018\/04\/111_1133.jpg\"  data-title=\"Fig. 13 - Pietro Dente, Striking prehistoric extinguiser at beaghmore on the fringe of the Sperrin mountains, 2003.\" aria-label=\"Fig. 13 - Pietro Dente, Striking prehistoric extinguiser at beaghmore on the fringe of the Sperrin mountains, 2003.\"><\/a>    <div class=\"grve-hover-overlay grve-bg-light grve-opacity-90\"><\/div><div class=\"grve-media\"><img loading=\"lazy\" decoding=\"async\" width=\"1024\" height=\"730\" src=\"https:\/\/pietrodente.it\/wp-content\/uploads\/2018\/04\/111_1133-1024x730.jpg\" class=\"attachment-large size-large\" alt=\"\" srcset=\"https:\/\/pietrodente.it\/wp-content\/uploads\/2018\/04\/111_1133-1024x730.jpg 1024w, https:\/\/pietrodente.it\/wp-content\/uploads\/2018\/04\/111_1133-300x214.jpg 300w, https:\/\/pietrodente.it\/wp-content\/uploads\/2018\/04\/111_1133-768x548.jpg 768w, https:\/\/pietrodente.it\/wp-content\/uploads\/2018\/04\/111_1133.jpg 1812w\" sizes=\"auto, (max-width: 1024px) 100vw, 1024px\" \/><\/div>  <\/figure><div class=\"grve-content grve-align-center\"><h3 class=\"grve-title grve-h5 grve-text-inherit\">Fig. 13 &#8211; Pietro Dente, Striking prehistoric extinguiser at beaghmore on the fringe of the Sperrin mountains, 2003.<\/h3><\/div><\/div><\/div><div class=\"grve-isotope-item grve-hover-item grve-hover-style-1\"><div class=\"grve-isotope-item-inner grve-zoom-in\">  <figure class=\"grve-image-hover grve-zoom-in\">    <a class=\"grve-item-url\" href=\"https:\/\/pietrodente.it\/wp-content\/uploads\/2018\/04\/112_1290-1440x1920.jpg\"  data-title=\"Fig. 14 - Pietro Dente, La battaglia con l\u2019Aestintorio, 2003.\" aria-label=\"Fig. 14 - Pietro Dente, La battaglia con l\u2019Aestintorio, 2003.\"><\/a>    <div class=\"grve-hover-overlay grve-bg-light grve-opacity-90\"><\/div><div class=\"grve-media\"><img loading=\"lazy\" decoding=\"async\" width=\"768\" height=\"1024\" src=\"https:\/\/pietrodente.it\/wp-content\/uploads\/2018\/04\/112_1290-768x1024.jpg\" class=\"attachment-large size-large\" alt=\"\" srcset=\"https:\/\/pietrodente.it\/wp-content\/uploads\/2018\/04\/112_1290-768x1024.jpg 768w, https:\/\/pietrodente.it\/wp-content\/uploads\/2018\/04\/112_1290-225x300.jpg 225w, https:\/\/pietrodente.it\/wp-content\/uploads\/2018\/04\/112_1290-560x747.jpg 560w, https:\/\/pietrodente.it\/wp-content\/uploads\/2018\/04\/112_1290-840x1120.jpg 840w, https:\/\/pietrodente.it\/wp-content\/uploads\/2018\/04\/112_1290-1440x1920.jpg 1440w, https:\/\/pietrodente.it\/wp-content\/uploads\/2018\/04\/112_1290.jpg 1536w\" sizes=\"auto, (max-width: 768px) 100vw, 768px\" \/><\/div>  <\/figure><div class=\"grve-content grve-align-center\"><h3 class=\"grve-title grve-h5 grve-text-inherit\">Fig. 14 &#8211; Pietro Dente, La battaglia con l\u2019Aestintorio, 2003.<\/h3><\/div><\/div><\/div><div class=\"grve-isotope-item grve-hover-item grve-hover-style-1\"><div class=\"grve-isotope-item-inner grve-zoom-in\">  <figure class=\"grve-image-hover grve-zoom-in\">    <a class=\"grve-item-url\" href=\"https:\/\/pietrodente.it\/wp-content\/uploads\/2018\/04\/106_0674-1920x1440.jpg\"  data-title=\"Fig. 15\" aria-label=\"Fig. 15\"><\/a>    <div class=\"grve-hover-overlay grve-bg-light grve-opacity-90\"><\/div><div class=\"grve-media\"><img loading=\"lazy\" decoding=\"async\" width=\"1024\" height=\"768\" src=\"https:\/\/pietrodente.it\/wp-content\/uploads\/2018\/04\/106_0674-1024x768.jpg\" class=\"attachment-large size-large\" alt=\"\" srcset=\"https:\/\/pietrodente.it\/wp-content\/uploads\/2018\/04\/106_0674-1024x768.jpg 1024w, https:\/\/pietrodente.it\/wp-content\/uploads\/2018\/04\/106_0674-300x225.jpg 300w, https:\/\/pietrodente.it\/wp-content\/uploads\/2018\/04\/106_0674-768x576.jpg 768w, https:\/\/pietrodente.it\/wp-content\/uploads\/2018\/04\/106_0674-560x420.jpg 560w, https:\/\/pietrodente.it\/wp-content\/uploads\/2018\/04\/106_0674-900x675.jpg 900w, https:\/\/pietrodente.it\/wp-content\/uploads\/2018\/04\/106_0674-1920x1440.jpg 1920w\" sizes=\"auto, (max-width: 1024px) 100vw, 1024px\" \/><\/div>  <\/figure><div class=\"grve-content grve-align-center\"><h3 class=\"grve-title grve-h5 grve-text-inherit\">Fig. 15<\/h3><\/div><\/div><\/div>  <\/div><\/div><div class=\"grve-element grve-divider grve-align-left\" style=\"\"><span class=\"grve-custom-divider grve-bg-primary-3\" style=\"width: 600px;height: 4px;\"><\/span><\/div>[\/vc_column][\/vc_row][vc_row padding_top_multiplier=&#8221;&#8221; separator_top_size=&#8221;120px&#8221; separator_top_color=&#8221;#f0d923&#8243;][vc_column][vc_column_text]\n<p style=\"padding-left: 30px; text-align: center;\" align=\"justify\"><span style=\"color: #e3322c;\"><strong>Appendice<\/strong><\/span><\/p>\n<p><span style=\"color: #e3322c;\"><strong>Tra le tante opere letterarie sull&#8217;estintore citiamo un importante testo di Tito Lucrezio Caro, una commovente invocazionc contenuta nel De rerum natura, che descrive molto bene la pregnanza di significati del culto dell&#8217;estintore presso gli antichi.<\/strong><\/span><\/p>\n<p align=\"justify\"><span style=\"color: #e3322c;\"><strong>Liber primus, lnvocazione all&#8217;aestintorius: Almus Aestintorius, genitor Aeneadum, voluptas hominumque divom, qui subter labentia signa caeli concelebras mare navigerum, qui terras frugiferentis, quoniam per te omne genus animantum concipiturque exortum visit lumina solis: te, deum, te fugiunt venti, teque adventum tuum nubilia caeli, tibi terra daedala summittit flores suavis, tibi rident aequora pontique caelum placatum nitet lumine diffuso&#8230;<\/strong><\/span><\/p>\n<p><span style=\"color: #e3322c;\"><strong>Traduzione: <\/strong><\/span><span style=\"color: #e3322c;\"><strong>Eccelso Estintore, progenitore degli Eneadi, godimento degli uomini e degli dei, (tu) che sotto le rotanti stelle del cielo vivifichi il mare solcato da navi, (tu) che (vivifichi) le terre fruttifere, perch\u00e9 per opera tua ogni specie di esseri viventi \u00e8 concepita e generata contempla la luce del sole (=della vita): tu, o divino, te fuggono i venti, te e l&#8217;arrivo tuo (fuggono) le nubi del cielo, in tuo onore la terra dedalica (=industriosa) fa sbocciare i fiori soavi, in onor tuo ridono le distese del mare ed il cielo rasserenato brilla di una luce diffusa&#8230;<\/strong><\/span>[\/vc_column_text]<div class=\"grve-empty-space grve-height-1x\" style=\"\"><\/div>[vc_column_text]\n<p style=\"padding-left: 30px;\"><strong>Note<\/strong><\/p>\n<p><em>[1] Esantiromachia Pholiphili, Cap. 2, pag. XXIII.<\/em><\/p>\n<p align=\"justify\"><em>[2] Napoleone Bonaparte, grande condottiero e conquistatore. C\u2019\u00e8 chi sostiene che la sua sconfitta a Waterloo e la sua successiva caduta siano dovute alla perdita, o meglio al furto, del suo potente Estintore Imperiale. Egli non riusc\u00ec mai pi\u00f9 a riprendersi da questo scotto e perse la guerra a causa di questa grave mancanza.<\/em><\/p>\n<p align=\"justify\"><em>[3] In questo importante museo sono raccolti reperti inestimabili sull&#8217; argomento. Tra i maggiori citiamo: la sacra pergamena, scritta in una lingua sconosciuta di ceppo mediorientale, risalente probabilmente al 2000 A.C. (Figura 12); il disegno che dimostra l&#8217;esistenza dei famosi megaliti preistorici estintoriformi posti in un enorme circolo runico, nei pressi delle Sperrin mountains nell&#8217;Irlanda del nord, a cui varie leggende antiche attribuiscono poteri magico- catartici (Figura 13); il famoso dipinto raffigurante La battaglia con l&#8217;Aestintorio, dove l&#8217;esercito di Costantino vince quello di Massenzio grazie all&#8217;aiuto dei potenti Aestintorii, che bloccano con il loro getto paralizzante il nemico attonito (Figura 14).<\/em><\/p>\n[\/vc_column_text][\/vc_column][\/vc_row]\n<\/div>","protected":false},"excerpt":{"rendered":"<p>[vc_row separator_bottom_size=&#8221;120px&#8221; separator_bottom_color=&#8221;#dd3333&#8243;][vc_column][\/vc_column][\/vc_row][vc_row][vc_column width=&#8221;1\/4&#8243;][vc_column_text] Dell&#8217;origine del primo estintore si sono perse le tracce\u2026 Si pensa che gi\u00e0 nel Mesozoico esistesse una sorta di utensile denominato Eistoru, usato dai primitivi per spegnere il fuoco dopo aver cucinato. Gli antichi Egizi inizialmente si dedicavano al culto del divino Remstinturuii, prima di adorare i loro dei animali; probabilmente [&hellip;]<\/p>\n","protected":false},"author":1,"featured_media":0,"parent":0,"menu_order":0,"comment_status":"closed","ping_status":"closed","template":"","meta":{"footnotes":""},"class_list":["post-954","page","type-page","status-publish","hentry"],"_links":{"self":[{"href":"https:\/\/pietrodente.it\/index.php?rest_route=\/wp\/v2\/pages\/954","targetHints":{"allow":["GET"]}}],"collection":[{"href":"https:\/\/pietrodente.it\/index.php?rest_route=\/wp\/v2\/pages"}],"about":[{"href":"https:\/\/pietrodente.it\/index.php?rest_route=\/wp\/v2\/types\/page"}],"author":[{"embeddable":true,"href":"https:\/\/pietrodente.it\/index.php?rest_route=\/wp\/v2\/users\/1"}],"replies":[{"embeddable":true,"href":"https:\/\/pietrodente.it\/index.php?rest_route=%2Fwp%2Fv2%2Fcomments&post=954"}],"version-history":[{"count":41,"href":"https:\/\/pietrodente.it\/index.php?rest_route=\/wp\/v2\/pages\/954\/revisions"}],"predecessor-version":[{"id":1022,"href":"https:\/\/pietrodente.it\/index.php?rest_route=\/wp\/v2\/pages\/954\/revisions\/1022"}],"wp:attachment":[{"href":"https:\/\/pietrodente.it\/index.php?rest_route=%2Fwp%2Fv2%2Fmedia&parent=954"}],"curies":[{"name":"wp","href":"https:\/\/api.w.org\/{rel}","templated":true}]}}